{"id":152,"date":"2024-10-01T09:03:53","date_gmt":"2024-10-01T09:03:53","guid":{"rendered":"https:\/\/fondacijamilicanektarijevic.com\/?page_id=152"},"modified":"2025-12-25T08:20:44","modified_gmt":"2025-12-25T08:20:44","slug":"rad-fondacije","status":"publish","type":"page","link":"https:\/\/fondacijamilicanektarijevic.com\/en\/rad-fondacije\/","title":{"rendered":"Work the foundation has done"},"content":{"rendered":"<div class=\"wp-block-group has-global-padding is-layout-constrained wp-block-group-is-layout-constrained\">\n<p class=\"has-tertiary-color has-text-color has-link-color wp-elements-51b193145ea9290f0d8c44cab7fc43bb\"><strong>Information<\/strong><\/p>\n\n\n\n<h2 class=\"wp-block-heading\">The Milica Nektarijevi\u0107 Award ceremony for 2025.<\/h2>\n\n\n\n<p class=\"has-tertiary-color has-text-color has-link-color wp-elements-bac49b620de97af16280fd684856a401\"><strong>28. 11. 2025.<\/strong><\/p>\n\n\n\n<p>On November 28, 2025, on the occasion of the Day of the Faculty of Technology and Metallurgy, the \u201cMilica Nektarijevi\u0107\u201d Foundation awarded the prize for the best graduate of the undergraduate study program in Biochemical Engineering and Biotechnology.<\/p>\n\n\n\n<p>The recipient of this year\u2019s award is Ana Ota\u0161evi\u0107, a student who, through her knowledge, dedication, and academic achievements, has demonstrated the values that the Foundation recognizes, respects, and rewards.<\/p>\n\n\n\n<p>The \u201cMilica Nektarijevi\u0107\u201d Prize was established with the aim of supporting young individuals whose work, talent, and humanity leave a lasting impact within the academic community and beyond.<\/p>\n\n\n\n<p>The Foundation congratulates Ana Ota\u0161evi\u0107 on her outstanding achievement and wishes her continued success in her future professional and scientific endeavors.<\/p>\n\n\n\n<hr class=\"wp-block-separator has-alpha-channel-opacity is-style-wide\"\/>\n<\/div>\n\n\n\n<div class=\"wp-block-columns is-layout-flex wp-container-core-columns-is-layout-28f84493 wp-block-columns-is-layout-flex\">\n<div class=\"wp-block-column is-layout-flow wp-block-column-is-layout-flow\">\n<figure class=\"wp-block-video\"><video height=\"480\" style=\"aspect-ratio: 800 \/ 480;\" width=\"800\" controls src=\"https:\/\/fondacijamilicanektarijevic.com\/wp-content\/uploads\/2025\/12\/Dodela-nagrade-Miica-Nektarijevic-2025.mp4\"><\/video><\/figure>\n\n\n\n<p><em><strong><strong><em><strong>Award Presentation Ceremony for<\/strong><\/em><\/strong><\/strong><\/em><strong><em> <\/em><\/strong><strong><em>2025.<\/em><\/strong><\/p>\n<\/div>\n\n\n\n<div class=\"wp-block-column is-vertically-aligned-top is-layout-flow wp-block-column-is-layout-flow\">\n\t\t<!-- MasterSlider -->\n\t\t<div id=\"P_MS69f480fdded43\" class=\"master-slider-parent msl ms-parent-id-4\" style=\"max-width:800px;\">\n\n\t\t\t\n\t\t\t<!-- MasterSlider Main -->\n\t\t\t<div id=\"MS69f480fdded43\" class=\"master-slider ms-skin-default\" >\n\t\t\t\t \t\t\t\t \n\t\t\t\t<div  class=\"ms-slide\" data-delay=\"3\" data-fill-mode=\"fill\"  >\n\t\t\t\t\t<img decoding=\"async\" src=\"https:\/\/fondacijamilicanektarijevic.com\/wp-content\/plugins\/master-slider\/public\/assets\/css\/blank.gif\" alt=\"\" title=\"\" data-src=\"https:\/\/fondacijamilicanektarijevic.com\/wp-content\/uploads\/2025\/12\/Dodela-nagrade-Miica-Nektarijevic-2025.-7.jpg\" \/>\n\n\n\t<div class=\"ms-thumb\" ><div class=\"ms-tab-context\"><div class=\"&quot;ms-tab-context&quot;\"><\/div><\/div>\n<\/div>\n\t\t\t\t<\/div>\n\t\t\t\t<div  class=\"ms-slide\" data-delay=\"3\" data-fill-mode=\"fill\"  >\n\t\t\t\t\t<img decoding=\"async\" src=\"https:\/\/fondacijamilicanektarijevic.com\/wp-content\/plugins\/master-slider\/public\/assets\/css\/blank.gif\" alt=\"\" title=\"\" data-src=\"https:\/\/fondacijamilicanektarijevic.com\/wp-content\/uploads\/2025\/12\/Dodela-nagrade-Miica-Nektarijevic-2025.-5.jpg\" \/>\n\n\n\t<div class=\"ms-thumb\" ><div class=\"ms-tab-context\"><div class=\"&quot;ms-tab-context&quot;\"><\/div><\/div>\n<\/div>\n\t\t\t\t<\/div>\n\t\t\t\t<div  class=\"ms-slide\" data-delay=\"3\" data-fill-mode=\"fill\"  >\n\t\t\t\t\t<img decoding=\"async\" src=\"https:\/\/fondacijamilicanektarijevic.com\/wp-content\/plugins\/master-slider\/public\/assets\/css\/blank.gif\" alt=\"\" title=\"\" data-src=\"https:\/\/fondacijamilicanektarijevic.com\/wp-content\/uploads\/2025\/12\/Dodela-nagrade-Miica-Nektarijevic-2025.-4.jpg\" \/>\n\n\n\t<div class=\"ms-thumb\" ><div class=\"ms-tab-context\"><div class=\"&quot;ms-tab-context&quot;\"><\/div><\/div>\n<\/div>\n\t\t\t\t<\/div>\n\t\t\t\t<div  class=\"ms-slide\" data-delay=\"3\" data-fill-mode=\"fill\"  >\n\t\t\t\t\t<img decoding=\"async\" src=\"https:\/\/fondacijamilicanektarijevic.com\/wp-content\/plugins\/master-slider\/public\/assets\/css\/blank.gif\" alt=\"\" title=\"\" data-src=\"https:\/\/fondacijamilicanektarijevic.com\/wp-content\/uploads\/2025\/12\/Dodela-nagrade-Miica-Nektarijevic-2025.-8.jpg\" \/>\n\n\n\t<div class=\"ms-thumb\" ><div class=\"ms-tab-context\"><div class=\"&quot;ms-tab-context&quot;\"><\/div><\/div>\n<\/div>\n\t\t\t\t<\/div>\n\n\t\t\t<\/div>\n\t\t\t<!-- END MasterSlider Main -->\n\n\t\t\t \n\t\t<\/div>\n\t\t<!-- END MasterSlider -->\n\n\t\t<script>\n\t\t(function ( $ ) {\n\t\t\t\"use strict\";\n\n\t\t\t$(function () {\n\t\t\t\tvar masterslider_ed43 = new MasterSlider();\n\n\t\t\t\t\/\/ slider controls\n\t\t\t\tmasterslider_ed43.control('arrows'     ,{ autohide:false, overVideo:true  });\n\t\t\t\t\/\/ slider setup\n\t\t\t\tmasterslider_ed43.setup(\"MS69f480fdded43\", {\n\t\t\t\t\t\twidth           : 800,\n\t\t\t\t\t\theight          : 480,\n\t\t\t\t\t\tminHeight       : 0,\n\t\t\t\t\t\tspace           : 0,\n\t\t\t\t\t\tstart           : 1,\n\t\t\t\t\t\tgrabCursor      : true,\n\t\t\t\t\t\tswipe           : true,\n\t\t\t\t\t\tmouse           : true,\n\t\t\t\t\t\tlayout          : \"boxed\",\n\t\t\t\t\t\twheel           : false,\n\t\t\t\t\t\tautoplay        : false,\n\t\t\t\t\t\tinstantStartLayers:false,\n\t\t\t\t\t\tloop            : false,\n\t\t\t\t\t\tshuffle         : false,\n\t\t\t\t\t\tpreload         : 0,\n\t\t\t\t\t\theightLimit     : true,\n\t\t\t\t\t\tautoHeight      : false,\n\t\t\t\t\t\tsmoothHeight    : true,\n\t\t\t\t\t\tendPause        : false,\n\t\t\t\t\t\toverPause       : true,\n\t\t\t\t\t\tfillMode        : \"fill\",\n\t\t\t\t\t\tcenterControls  : true,\n\t\t\t\t\t\tstartOnAppear   : false,\n\t\t\t\t\t\tlayersMode      : \"center\",\n\t\t\t\t\t\thideLayers      : false,\n\t\t\t\t\t\tfullscreenMargin: 0,\n\t\t\t\t\t\tspeed           : 20,\n\t\t\t\t\t\tdir             : \"h\",\n\t\t\t\t\t\tparallaxMode    : 'swipe',\n\t\t\t\t\t\tview            : \"basic\"\n\t\t\t\t});\n\n\t\t\t\t\n\t\t\t\twindow.masterslider_instances = window.masterslider_instances || [];\n\t\t\t\twindow.masterslider_instances.push( masterslider_ed43 );\n\t\t\t });\n\n\t\t})(jQuery);\n\t\t<\/script>\n\n\n\n\n\n<p><strong><em>Award Ceremony for 2025<\/em><\/strong><\/p>\n<\/div>\n<\/div>\n\n\n\n<hr class=\"wp-block-separator has-alpha-channel-opacity is-style-wide\"\/>\n\n\n\n<div class=\"wp-block-group has-global-padding is-layout-constrained wp-block-group-is-layout-constrained\">\n<p class=\"has-tertiary-color has-text-color has-link-color wp-elements-51b193145ea9290f0d8c44cab7fc43bb\"><strong>Information<\/strong><\/p>\n\n\n\n<h2 class=\"wp-block-heading\">First Anniversary of the Foundation and Foundation Day<\/h2>\n\n\n\n<p class=\"has-tertiary-color has-text-color has-link-color wp-elements-160db32775e352f28a91786bc519882e\"><strong>29. 07. 2025.<\/strong><\/p>\n\n\n\n<p>On July 29, 2025, when our Milica would have turned 30, we marked Foundation Day and the first anniversary of the Foundation\u2019s work.<\/p>\n\n\n\n<hr class=\"wp-block-separator has-alpha-channel-opacity is-style-wide\"\/>\n<\/div>\n\n\n\n<div class=\"wp-block-group has-global-padding is-layout-constrained wp-block-group-is-layout-constrained\">\n<p class=\"has-tertiary-color has-text-color has-link-color wp-elements-51b193145ea9290f0d8c44cab7fc43bb\"><strong>Information<\/strong><\/p>\n\n\n\n<h2 class=\"wp-block-heading\">The five-year memorial for our dear Milica<\/h2>\n\n\n\n<p class=\"has-tertiary-color has-text-color has-link-color wp-elements-0a6da67eb45912f325854170b3686ade\"><strong>28. 06. 2025.<\/strong><\/p>\n\n\n\n<p>On June 28, 2025, the five-year memorial for our dear Milica was held. Her family and friends attended the memorial at the New Cemetery.<\/p>\n\n\n\n<hr class=\"wp-block-separator has-alpha-channel-opacity is-style-wide\"\/>\n<\/div>\n\n\n\n<div class=\"wp-block-group has-global-padding is-layout-constrained wp-block-group-is-layout-constrained\">\n<p class=\"has-tertiary-color has-text-color has-link-color wp-elements-51b193145ea9290f0d8c44cab7fc43bb\"><strong>Information<\/strong><\/p>\n\n\n\n<h2 class=\"wp-block-heading\">The Milica Nektarijevi\u0107 Award ceremony for 2024.<\/h2>\n\n\n\n<p class=\"has-tertiary-color has-text-color has-link-color wp-elements-83513ac6038a8b3dc90ed771e1a1d27f\"><strong>15. 10. 2024.<\/strong><\/p>\n\n\n\n<p>The Milica Nektarijevi\u0107 Award ceremony for 2024 will be held on October 22 at 6 PM in the ceremonial hall of the Faculty of Technology and Metallurgy.<\/p>\n\n\n\n<hr class=\"wp-block-separator has-alpha-channel-opacity is-style-wide\"\/>\n<\/div>\n\n\n\n<p class=\"has-tertiary-color has-text-color has-link-color wp-elements-36aa41edd719e3598f212e139a5fd56a\"><strong>Event<\/strong><\/p>\n\n\n\n<h2 class=\"wp-block-heading\">The Milica Nektarijevi\u0107 Award ceremony for 2024. was held<\/h2>\n\n\n\n<p class=\"has-tertiary-color has-text-color has-link-color wp-elements-25eec3bc6f651ab162a5e415b47d55d7\"><strong>22 10. 2024.<\/strong><\/p>\n\n\n\n<p>On Tuesday, October 22, 2024. in the ceremonial hall of the Faculty of Technology and Metallurgy in Belgrade, the first ceremonial awarding of the \"Milica Nektarijevi\u0107\" award was held. We owe special thanks to the speakers: prof. Dr. Mirjan\u0430 Kijev\u010danin, Dean of the Faculty of Technology and Metallurgy, prof. Dr. \u0110or\u0111e Veljovi\u0107, Milica's mentor, and Tamara Aleksi\u0107, one of Milica's closest friends. As well as everyone who participated in the organization of the award and the promotion of the foundation.<\/p>\n\n\n\n<hr class=\"wp-block-separator has-text-color has-lightgrey-color has-alpha-channel-opacity has-lightgrey-background-color has-background is-style-wide\"\/>\n\n\n\n<div class=\"wp-block-columns is-layout-flex wp-container-core-columns-is-layout-28f84493 wp-block-columns-is-layout-flex\">\n<div class=\"wp-block-column is-layout-flow wp-block-column-is-layout-flow\">\n\t\t<!-- MasterSlider -->\n\t\t<div id=\"P_MS69f480fddffaf\" class=\"master-slider-parent msl ms-parent-id-1\" style=\"max-width:800px;\">\n\n\t\t\t\n\t\t\t<!-- MasterSlider Main -->\n\t\t\t<div id=\"MS69f480fddffaf\" class=\"master-slider ms-skin-default\" >\n\t\t\t\t \t\t\t\t \n\t\t\t\t<div  class=\"ms-slide\" data-delay=\"3\" data-fill-mode=\"fill\"  >\n\t\t\t\t\t<img decoding=\"async\" src=\"https:\/\/fondacijamilicanektarijevic.com\/wp-content\/plugins\/master-slider\/public\/assets\/css\/blank.gif\" alt=\"\" title=\"\" data-src=\"https:\/\/fondacijamilicanektarijevic.com\/wp-content\/uploads\/2024\/11\/DODELA-NAGRADE-ZA-2024.-GODINU-GOVORNICI-2.jpg\" \/>\n\n\n\t<div class=\"ms-thumb\" ><div class=\"ms-tab-context\"><div class=\"&quot;ms-tab-context&quot;\"><\/div><\/div>\n<\/div>\n\t\t\t\t<\/div>\n\t\t\t\t<div  class=\"ms-slide\" data-delay=\"3\" data-fill-mode=\"fill\"  >\n\t\t\t\t\t<img decoding=\"async\" src=\"https:\/\/fondacijamilicanektarijevic.com\/wp-content\/plugins\/master-slider\/public\/assets\/css\/blank.gif\" alt=\"\" title=\"\" data-src=\"https:\/\/fondacijamilicanektarijevic.com\/wp-content\/uploads\/2024\/11\/DODELA-NAGRADE-ZA-2024.-GODINU-GOVORNICI-1.jpg\" \/>\n\n\n\t<div class=\"ms-thumb\" ><div class=\"ms-tab-context\"><div class=\"&quot;ms-tab-context&quot;\"><\/div><\/div>\n<\/div>\n\t\t\t\t<\/div>\n\t\t\t\t<div  class=\"ms-slide\" data-delay=\"3\" data-fill-mode=\"fill\"  >\n\t\t\t\t\t<img decoding=\"async\" src=\"https:\/\/fondacijamilicanektarijevic.com\/wp-content\/plugins\/master-slider\/public\/assets\/css\/blank.gif\" alt=\"\" title=\"\" data-src=\"https:\/\/fondacijamilicanektarijevic.com\/wp-content\/uploads\/2024\/11\/DODELA-NAGRADE-ZA-2024.-GODINU-GOVORNICI-3.jpg\" \/>\n\n\n\t<div class=\"ms-thumb\" ><div class=\"ms-tab-context\"><div class=\"&quot;ms-tab-context&quot;\"><\/div><\/div>\n<\/div>\n\t\t\t\t<\/div>\n\t\t\t\t<div  class=\"ms-slide\" data-delay=\"3\" data-fill-mode=\"fill\"  >\n\t\t\t\t\t<img decoding=\"async\" src=\"https:\/\/fondacijamilicanektarijevic.com\/wp-content\/plugins\/master-slider\/public\/assets\/css\/blank.gif\" alt=\"\" title=\"\" data-src=\"https:\/\/fondacijamilicanektarijevic.com\/wp-content\/uploads\/2024\/11\/DODELA-NAGRADE-ZA-2024.-GODINU-GOVORNICI-4.jpg\" \/>\n\n\n\t<div class=\"ms-thumb\" ><div class=\"ms-tab-context\"><div class=\"&quot;ms-tab-context&quot;\"><\/div><\/div>\n<\/div>\n\t\t\t\t<\/div>\n\t\t\t\t<div  class=\"ms-slide\" data-delay=\"3\" data-fill-mode=\"fill\"  >\n\t\t\t\t\t<img decoding=\"async\" src=\"https:\/\/fondacijamilicanektarijevic.com\/wp-content\/plugins\/master-slider\/public\/assets\/css\/blank.gif\" alt=\"\" title=\"\" data-src=\"https:\/\/fondacijamilicanektarijevic.com\/wp-content\/uploads\/2024\/11\/DODELA-NAGRADE-ZA-2024.-GODINU-GOVORNICI-5.jpg\" \/>\n\n\n\t<div class=\"ms-thumb\" ><div class=\"ms-tab-context\"><div class=\"&quot;ms-tab-context&quot;\"><\/div><\/div>\n<\/div>\n\t\t\t\t<\/div>\n\t\t\t\t<div  class=\"ms-slide\" data-delay=\"3\" data-fill-mode=\"fill\"  >\n\t\t\t\t\t<img decoding=\"async\" src=\"https:\/\/fondacijamilicanektarijevic.com\/wp-content\/plugins\/master-slider\/public\/assets\/css\/blank.gif\" alt=\"\" title=\"\" data-src=\"https:\/\/fondacijamilicanektarijevic.com\/wp-content\/uploads\/2024\/11\/DODELA-NAGRADE-ZA-2024.-GODINU-GOVORNICI-6.jpg\" \/>\n\n\n\t<div class=\"ms-thumb\" ><div class=\"ms-tab-context\"><div class=\"&quot;ms-tab-context&quot;\"><\/div><\/div>\n<\/div>\n\t\t\t\t<\/div>\n\t\t\t\t<div  class=\"ms-slide\" data-delay=\"3\" data-fill-mode=\"fill\"  >\n\t\t\t\t\t<img decoding=\"async\" src=\"https:\/\/fondacijamilicanektarijevic.com\/wp-content\/plugins\/master-slider\/public\/assets\/css\/blank.gif\" alt=\"\" title=\"\" data-src=\"https:\/\/fondacijamilicanektarijevic.com\/wp-content\/uploads\/2024\/11\/DODELA-NAGRADE-ZA-2024.-GODINU-GOVORNICI-7.jpg\" \/>\n\n\n\t<div class=\"ms-thumb\" ><div class=\"ms-tab-context\"><div class=\"&quot;ms-tab-context&quot;\"><\/div><\/div>\n<\/div>\n\t\t\t\t<\/div>\n\t\t\t\t<div  class=\"ms-slide\" data-delay=\"3\" data-fill-mode=\"fill\"  >\n\t\t\t\t\t<img decoding=\"async\" src=\"https:\/\/fondacijamilicanektarijevic.com\/wp-content\/plugins\/master-slider\/public\/assets\/css\/blank.gif\" alt=\"\" title=\"\" data-src=\"https:\/\/fondacijamilicanektarijevic.com\/wp-content\/uploads\/2024\/11\/DODELA-NAGRADE-ZA-2024.-GODINU-GOVORNICI-8.jpg\" \/>\n\n\n\t<div class=\"ms-thumb\" ><div class=\"ms-tab-context\"><div class=\"&quot;ms-tab-context&quot;\"><\/div><\/div>\n<\/div>\n\t\t\t\t<\/div>\n\t\t\t\t<div  class=\"ms-slide\" data-delay=\"3\" data-fill-mode=\"fill\"  >\n\t\t\t\t\t<img decoding=\"async\" src=\"https:\/\/fondacijamilicanektarijevic.com\/wp-content\/plugins\/master-slider\/public\/assets\/css\/blank.gif\" alt=\"\" title=\"\" data-src=\"https:\/\/fondacijamilicanektarijevic.com\/wp-content\/uploads\/2024\/11\/DODELA-NAGRADE-ZA-2024.-GODINU-GOVORNICI-9.jpg\" \/>\n\n\n\t<div class=\"ms-thumb\" ><div class=\"ms-tab-context\"><div class=\"&quot;ms-tab-context&quot;\"><\/div><\/div>\n<\/div>\n\t\t\t\t<\/div>\n\t\t\t\t<div  class=\"ms-slide\" data-delay=\"3\" data-fill-mode=\"fill\"  >\n\t\t\t\t\t<img decoding=\"async\" src=\"https:\/\/fondacijamilicanektarijevic.com\/wp-content\/plugins\/master-slider\/public\/assets\/css\/blank.gif\" alt=\"\" title=\"\" data-src=\"https:\/\/fondacijamilicanektarijevic.com\/wp-content\/uploads\/2024\/11\/DODELA-NAGRADE-ZA-2024.-GODINU-GOVORNICI-10.jpg\" \/>\n\n\n\t<div class=\"ms-thumb\" ><div class=\"ms-tab-context\"><div class=\"&quot;ms-tab-context&quot;\"><\/div><\/div>\n<\/div>\n\t\t\t\t<\/div>\n\t\t\t\t<div  class=\"ms-slide\" data-delay=\"3\" data-fill-mode=\"fill\"  >\n\t\t\t\t\t<img decoding=\"async\" src=\"https:\/\/fondacijamilicanektarijevic.com\/wp-content\/plugins\/master-slider\/public\/assets\/css\/blank.gif\" alt=\"\" title=\"\" data-src=\"https:\/\/fondacijamilicanektarijevic.com\/wp-content\/uploads\/2024\/11\/DODELA-NAGRADE-ZA-2024.-GODINU-GOVORNICI-11.jpg\" \/>\n\n\n\t<div class=\"ms-thumb\" ><div class=\"ms-tab-context\"><div class=\"&quot;ms-tab-context&quot;\"><\/div><\/div>\n<\/div>\n\t\t\t\t<\/div>\n\t\t\t\t<div  class=\"ms-slide\" data-delay=\"3\" data-fill-mode=\"fill\"  >\n\t\t\t\t\t<img decoding=\"async\" src=\"https:\/\/fondacijamilicanektarijevic.com\/wp-content\/plugins\/master-slider\/public\/assets\/css\/blank.gif\" alt=\"\" title=\"\" data-src=\"https:\/\/fondacijamilicanektarijevic.com\/wp-content\/uploads\/2024\/11\/DODELA-NAGRADE-ZA-2024.-GODINU-GOVORNICI-12.jpg\" \/>\n\n\n\t<div class=\"ms-thumb\" ><div class=\"ms-tab-context\"><div class=\"&quot;ms-tab-context&quot;\"><\/div><\/div>\n<\/div>\n\t\t\t\t<\/div>\n\t\t\t\t<div  class=\"ms-slide\" data-delay=\"3\" data-fill-mode=\"fill\"  >\n\t\t\t\t\t<img decoding=\"async\" src=\"https:\/\/fondacijamilicanektarijevic.com\/wp-content\/plugins\/master-slider\/public\/assets\/css\/blank.gif\" alt=\"\" title=\"\" data-src=\"https:\/\/fondacijamilicanektarijevic.com\/wp-content\/uploads\/2024\/11\/DODELA-NAGRADE-ZA-2024.-GODINU-GOVORNICI-13.jpg\" \/>\n\n\n\t<div class=\"ms-thumb\" ><div class=\"ms-tab-context\"><div class=\"&quot;ms-tab-context&quot;\"><\/div><\/div>\n<\/div>\n\t\t\t\t<\/div>\n\t\t\t\t<div  class=\"ms-slide\" data-delay=\"3\" data-fill-mode=\"fill\"  >\n\t\t\t\t\t<img decoding=\"async\" src=\"https:\/\/fondacijamilicanektarijevic.com\/wp-content\/plugins\/master-slider\/public\/assets\/css\/blank.gif\" alt=\"\" title=\"\" data-src=\"https:\/\/fondacijamilicanektarijevic.com\/wp-content\/uploads\/2024\/11\/DODELA-NAGRADE-ZA-2024.-GODINU-GOVORNICI-14.jpg\" \/>\n\n\n\t<div class=\"ms-thumb\" ><div class=\"ms-tab-context\"><div class=\"&quot;ms-tab-context&quot;\"><\/div><\/div>\n<\/div>\n\t\t\t\t<\/div>\n\t\t\t\t<div  class=\"ms-slide\" data-delay=\"3\" data-fill-mode=\"fill\"  >\n\t\t\t\t\t<img decoding=\"async\" src=\"https:\/\/fondacijamilicanektarijevic.com\/wp-content\/plugins\/master-slider\/public\/assets\/css\/blank.gif\" alt=\"\" title=\"\" data-src=\"https:\/\/fondacijamilicanektarijevic.com\/wp-content\/uploads\/2024\/11\/DODELA-NAGRADE-ZA-2024.-GODINU-GOVORNICI-15.jpg\" \/>\n\n\n\t<div class=\"ms-thumb\" ><div class=\"ms-tab-context\"><div class=\"&quot;ms-tab-context&quot;\"><\/div><\/div>\n<\/div>\n\t\t\t\t<\/div>\n\t\t\t\t<div  class=\"ms-slide\" data-delay=\"3\" data-fill-mode=\"fill\"  >\n\t\t\t\t\t<img decoding=\"async\" src=\"https:\/\/fondacijamilicanektarijevic.com\/wp-content\/plugins\/master-slider\/public\/assets\/css\/blank.gif\" alt=\"\" title=\"\" data-src=\"https:\/\/fondacijamilicanektarijevic.com\/wp-content\/uploads\/2024\/11\/DODELA-NAGRADE-ZA-2024.-GODINU-GOVORNICI-16.jpg\" \/>\n\n\n\t<div class=\"ms-thumb\" ><div class=\"ms-tab-context\"><div class=\"&quot;ms-tab-context&quot;\"><\/div><\/div>\n<\/div>\n\t\t\t\t<\/div>\n\t\t\t\t<div  class=\"ms-slide\" data-delay=\"3\" data-fill-mode=\"fill\"  >\n\t\t\t\t\t<img decoding=\"async\" src=\"https:\/\/fondacijamilicanektarijevic.com\/wp-content\/plugins\/master-slider\/public\/assets\/css\/blank.gif\" alt=\"\" title=\"\" data-src=\"https:\/\/fondacijamilicanektarijevic.com\/wp-content\/uploads\/2024\/11\/DODELA-NAGRADE-ZA-2024.-GODINU-GOVORNICI-17.jpg\" \/>\n\n\n\t<div class=\"ms-thumb\" ><div class=\"ms-tab-context\"><div class=\"&quot;ms-tab-context&quot;\"><\/div><\/div>\n<\/div>\n\t\t\t\t<\/div>\n\t\t\t\t<div  class=\"ms-slide\" data-delay=\"3\" data-fill-mode=\"fill\"  >\n\t\t\t\t\t<img decoding=\"async\" src=\"https:\/\/fondacijamilicanektarijevic.com\/wp-content\/plugins\/master-slider\/public\/assets\/css\/blank.gif\" alt=\"\" title=\"\" data-src=\"https:\/\/fondacijamilicanektarijevic.com\/wp-content\/uploads\/2024\/11\/DODELA-NAGRADE-ZA-2024.-GODINU-GOVORNICI-18.jpg\" \/>\n\n\n\t<div class=\"ms-thumb\" ><div class=\"ms-tab-context\"><div class=\"&quot;ms-tab-context&quot;\"><\/div><\/div>\n<\/div>\n\t\t\t\t<\/div>\n\t\t\t\t<div  class=\"ms-slide\" data-delay=\"3\" data-fill-mode=\"fill\"  >\n\t\t\t\t\t<img decoding=\"async\" src=\"https:\/\/fondacijamilicanektarijevic.com\/wp-content\/plugins\/master-slider\/public\/assets\/css\/blank.gif\" alt=\"\" title=\"\" data-src=\"https:\/\/fondacijamilicanektarijevic.com\/wp-content\/uploads\/2024\/11\/DODELA-NAGRADE-ZA-2024.-GODINU-GOVORNICI-19.jpg\" \/>\n\n\n\t<div class=\"ms-thumb\" ><div class=\"ms-tab-context\"><div class=\"&quot;ms-tab-context&quot;\"><\/div><\/div>\n<\/div>\n\t\t\t\t<\/div>\n\t\t\t\t<div  class=\"ms-slide\" data-delay=\"3\" data-fill-mode=\"fill\"  >\n\t\t\t\t\t<img decoding=\"async\" src=\"https:\/\/fondacijamilicanektarijevic.com\/wp-content\/plugins\/master-slider\/public\/assets\/css\/blank.gif\" alt=\"\" title=\"\" data-src=\"https:\/\/fondacijamilicanektarijevic.com\/wp-content\/uploads\/2024\/11\/DODELA-NAGRADE-ZA-2024.-GODINU-GOVORNICI-20.jpg\" \/>\n\n\n\t<div class=\"ms-thumb\" ><div class=\"ms-tab-context\"><div class=\"&quot;ms-tab-context&quot;\"><\/div><\/div>\n<\/div>\n\t\t\t\t<\/div>\n\t\t\t\t<div  class=\"ms-slide\" data-delay=\"3\" data-fill-mode=\"fill\"  >\n\t\t\t\t\t<img decoding=\"async\" src=\"https:\/\/fondacijamilicanektarijevic.com\/wp-content\/plugins\/master-slider\/public\/assets\/css\/blank.gif\" alt=\"\" title=\"\" data-src=\"https:\/\/fondacijamilicanektarijevic.com\/wp-content\/uploads\/2024\/11\/DODELA-NAGRADE-ZA-2024.-GODINU-GOVORNICI-21.jpg\" \/>\n\n\n\t<div class=\"ms-thumb\" ><div class=\"ms-tab-context\"><div class=\"&quot;ms-tab-context&quot;\"><\/div><\/div>\n<\/div>\n\t\t\t\t<\/div>\n\t\t\t\t<div  class=\"ms-slide\" data-delay=\"3\" data-fill-mode=\"fill\"  >\n\t\t\t\t\t<img decoding=\"async\" src=\"https:\/\/fondacijamilicanektarijevic.com\/wp-content\/plugins\/master-slider\/public\/assets\/css\/blank.gif\" alt=\"\" title=\"\" data-src=\"https:\/\/fondacijamilicanektarijevic.com\/wp-content\/uploads\/2024\/11\/DODELA-NAGRADE-ZA-2024.-GODINU-GOVORNICI-22.jpg\" \/>\n\n\n\t<div class=\"ms-thumb\" ><div class=\"ms-tab-context\"><div class=\"&quot;ms-tab-context&quot;\"><\/div><\/div>\n<\/div>\n\t\t\t\t<\/div>\n\t\t\t\t<div  class=\"ms-slide\" data-delay=\"3\" data-fill-mode=\"fill\"  >\n\t\t\t\t\t<img decoding=\"async\" src=\"https:\/\/fondacijamilicanektarijevic.com\/wp-content\/plugins\/master-slider\/public\/assets\/css\/blank.gif\" alt=\"\" title=\"\" data-src=\"https:\/\/fondacijamilicanektarijevic.com\/wp-content\/uploads\/2024\/11\/DODELA-NAGRADE-ZA-2024.-GODINU-GOVORNICI-23.jpg\" \/>\n\n\n\t<div class=\"ms-thumb\" ><div class=\"ms-tab-context\"><div class=\"&quot;ms-tab-context&quot;\"><\/div><\/div>\n<\/div>\n\t\t\t\t<\/div>\n\t\t\t\t<div  class=\"ms-slide\" data-delay=\"3\" data-fill-mode=\"fill\"  >\n\t\t\t\t\t<img decoding=\"async\" src=\"https:\/\/fondacijamilicanektarijevic.com\/wp-content\/plugins\/master-slider\/public\/assets\/css\/blank.gif\" alt=\"\" title=\"\" data-src=\"https:\/\/fondacijamilicanektarijevic.com\/wp-content\/uploads\/2024\/11\/DODELA-NAGRADE-ZA-2024.-GODINU-GOVORNICI-24.jpg\" \/>\n\n\n\t<div class=\"ms-thumb\" ><div class=\"ms-tab-context\"><div class=\"&quot;ms-tab-context&quot;\"><\/div><\/div>\n<\/div>\n\t\t\t\t<\/div>\n\t\t\t\t<div  class=\"ms-slide\" data-delay=\"3\" data-fill-mode=\"fill\"  >\n\t\t\t\t\t<img decoding=\"async\" src=\"https:\/\/fondacijamilicanektarijevic.com\/wp-content\/plugins\/master-slider\/public\/assets\/css\/blank.gif\" alt=\"\" title=\"\" data-src=\"https:\/\/fondacijamilicanektarijevic.com\/wp-content\/uploads\/2024\/11\/DODELA-NAGRADE-ZA-2024.-GODINU-GOVORNICI-25.jpg\" \/>\n\n\n\t<div class=\"ms-thumb\" ><div class=\"ms-tab-context\"><div class=\"&quot;ms-tab-context&quot;\"><\/div><\/div>\n<\/div>\n\t\t\t\t<\/div>\n\n\t\t\t<\/div>\n\t\t\t<!-- END MasterSlider Main -->\n\n\t\t\t \n\t\t<\/div>\n\t\t<!-- END MasterSlider -->\n\n\t\t<script>\n\t\t(function ( $ ) {\n\t\t\t\"use strict\";\n\n\t\t\t$(function () {\n\t\t\t\tvar masterslider_ffaf = new MasterSlider();\n\n\t\t\t\t\/\/ slider controls\n\t\t\t\tmasterslider_ffaf.control('arrows'     ,{ autohide:false, overVideo:true  });\n\t\t\t\t\/\/ slider setup\n\t\t\t\tmasterslider_ffaf.setup(\"MS69f480fddffaf\", {\n\t\t\t\t\t\twidth           : 800,\n\t\t\t\t\t\theight          : 480,\n\t\t\t\t\t\tminHeight       : 0,\n\t\t\t\t\t\tspace           : 0,\n\t\t\t\t\t\tstart           : 1,\n\t\t\t\t\t\tgrabCursor      : true,\n\t\t\t\t\t\tswipe           : true,\n\t\t\t\t\t\tmouse           : true,\n\t\t\t\t\t\tlayout          : \"boxed\",\n\t\t\t\t\t\twheel           : false,\n\t\t\t\t\t\tautoplay        : false,\n\t\t\t\t\t\tinstantStartLayers:false,\n\t\t\t\t\t\tloop            : false,\n\t\t\t\t\t\tshuffle         : false,\n\t\t\t\t\t\tpreload         : 0,\n\t\t\t\t\t\theightLimit     : true,\n\t\t\t\t\t\tautoHeight      : false,\n\t\t\t\t\t\tsmoothHeight    : true,\n\t\t\t\t\t\tendPause        : false,\n\t\t\t\t\t\toverPause       : true,\n\t\t\t\t\t\tfillMode        : \"fill\",\n\t\t\t\t\t\tcenterControls  : true,\n\t\t\t\t\t\tstartOnAppear   : false,\n\t\t\t\t\t\tlayersMode      : \"center\",\n\t\t\t\t\t\thideLayers      : false,\n\t\t\t\t\t\tfullscreenMargin: 0,\n\t\t\t\t\t\tspeed           : 20,\n\t\t\t\t\t\tdir             : \"h\",\n\t\t\t\t\t\tparallaxMode    : 'swipe',\n\t\t\t\t\t\tview            : \"basic\"\n\t\t\t\t});\n\n\t\t\t\t\n\t\t\t\twindow.masterslider_instances = window.masterslider_instances || [];\n\t\t\t\twindow.masterslider_instances.push( masterslider_ffaf );\n\t\t\t });\n\n\t\t})(jQuery);\n\t\t<\/script>\n\n\n<\/div>\n\n\n\n<div class=\"wp-block-column is-layout-flow wp-block-column-is-layout-flow\">\n<figure class=\"wp-block-image size-large\"><img loading=\"lazy\" decoding=\"async\" width=\"1024\" height=\"724\" src=\"https:\/\/fondacijamilicanektarijevic.com\/wp-content\/uploads\/2024\/11\/NAGRADA-1024x724.png\" alt=\"\" class=\"wp-image-529\" srcset=\"https:\/\/fondacijamilicanektarijevic.com\/wp-content\/uploads\/2024\/11\/NAGRADA-1024x724.png 1024w, https:\/\/fondacijamilicanektarijevic.com\/wp-content\/uploads\/2024\/11\/NAGRADA-300x212.png 300w, https:\/\/fondacijamilicanektarijevic.com\/wp-content\/uploads\/2024\/11\/NAGRADA-18x12.png 18w, https:\/\/fondacijamilicanektarijevic.com\/wp-content\/uploads\/2024\/11\/NAGRADA.png 2000w\" sizes=\"auto, (max-width: 1024px) 100vw, 1024px\" \/><\/figure>\n<\/div>\n<\/div>\n\n\n\n<div class=\"wp-block-columns is-layout-flex wp-container-core-columns-is-layout-28f84493 wp-block-columns-is-layout-flex\">\n<div class=\"wp-block-column is-layout-flow wp-block-column-is-layout-flow\">\n<p>She smelled of joy and beauty, of charity, of youth.<br>As it grew, it was shaped into perfection, that unusual and unselfish perfection, which humanity rejoices in.<br>Change the world, Milica! I told her before she left. She laughed to tears and told me that she had learned to swim, and that she was ready<br>And she set out to make her dreams come true and build her own jewel-strewn path.<br>Lots of love, support and wishes for her to succeed in what she sets out to do...<br>But the other side of the universe, the dark, terrible side, did not allow it, and the brightness of her star went out. It went out suddenly, prematurely, incomprehensibly, but the trace of the shooting star remained, and it is our path and way to breathe new life into Milica. To be celebrated by younger generations as someone who lit their way, gave them new hope and wind at their backs.<br>Only 24 years, and so much success and strength, that it melts into three times as much.<br>And you live, Milica! You live in us who loved you, who you loved, who admired and supported you.<br>You were a marvelous genius, a combination of intelligence, strength and empathy.<br>We are proud that you are ours and that we knew you. You will be missed forever, but I heard that a wonderful boy named a star after you, and when we look up at the starry sky, we will see that it shines the brightest.<br>This award will preserve the memory of Milica Nektarijevi\u0107, one of the best.<\/p>\n\n\n\n<p class=\"has-text-align-right\"><em>Zorica Pej\u010di\u0107<\/em><\/p>\n<\/div>\n\n\n\n<div class=\"wp-block-column is-layout-flow wp-container-core-column-is-layout-51dd35f4 wp-block-column-is-layout-flow\" style=\"padding-top:0;padding-bottom:0\">\n\t\t<!-- MasterSlider -->\n\t\t<div id=\"P_MS69f480fde1a17\" class=\"master-slider-parent msl ms-parent-id-3\" style=\"max-width:800px;\">\n\n\t\t\t\n\t\t\t<!-- MasterSlider Main -->\n\t\t\t<div id=\"MS69f480fde1a17\" class=\"master-slider ms-skin-default\" >\n\t\t\t\t \t\t\t\t \n\t\t\t\t<div  class=\"ms-slide\" data-delay=\"3\" data-fill-mode=\"fill\"  >\n\t\t\t\t\t<img decoding=\"async\" src=\"https:\/\/fondacijamilicanektarijevic.com\/wp-content\/plugins\/master-slider\/public\/assets\/css\/blank.gif\" alt=\"\" title=\"\" data-src=\"https:\/\/fondacijamilicanektarijevic.com\/wp-content\/uploads\/2024\/11\/SLIDER-2-DODELA-NAGRADE-ZA-2024.-GODINU-1.jpg\" \/>\n\n\n\t<div class=\"ms-thumb\" ><div class=\"ms-tab-context\"><div class=\"&quot;ms-tab-context&quot;\"><\/div><\/div>\n<\/div>\n\t\t\t\t<\/div>\n\t\t\t\t<div  class=\"ms-slide\" data-delay=\"3\" data-fill-mode=\"fill\"  >\n\t\t\t\t\t<img decoding=\"async\" src=\"https:\/\/fondacijamilicanektarijevic.com\/wp-content\/plugins\/master-slider\/public\/assets\/css\/blank.gif\" alt=\"\" title=\"\" data-src=\"https:\/\/fondacijamilicanektarijevic.com\/wp-content\/uploads\/2024\/11\/SLIDER-2-DODELA-NAGRADE-ZA-2024.-GODINU-3.jpg\" \/>\n\n\n\t<div class=\"ms-thumb\" ><div class=\"ms-tab-context\"><div class=\"&quot;ms-tab-context&quot;\"><\/div><\/div>\n<\/div>\n\t\t\t\t<\/div>\n\t\t\t\t<div  class=\"ms-slide\" data-delay=\"3\" data-fill-mode=\"fill\"  >\n\t\t\t\t\t<img decoding=\"async\" src=\"https:\/\/fondacijamilicanektarijevic.com\/wp-content\/plugins\/master-slider\/public\/assets\/css\/blank.gif\" alt=\"\" title=\"\" data-src=\"https:\/\/fondacijamilicanektarijevic.com\/wp-content\/uploads\/2024\/11\/SLIDER-2-DODELA-NAGRADE-ZA-2024.-GODINU-2.jpg\" \/>\n\n\n\t<div class=\"ms-thumb\" ><div class=\"ms-tab-context\"><div class=\"&quot;ms-tab-context&quot;\"><\/div><\/div>\n<\/div>\n\t\t\t\t<\/div>\n\t\t\t\t<div  class=\"ms-slide\" data-delay=\"3\" data-fill-mode=\"fill\"  >\n\t\t\t\t\t<img decoding=\"async\" src=\"https:\/\/fondacijamilicanektarijevic.com\/wp-content\/plugins\/master-slider\/public\/assets\/css\/blank.gif\" alt=\"\" title=\"\" data-src=\"https:\/\/fondacijamilicanektarijevic.com\/wp-content\/uploads\/2024\/11\/SLIDER-2-DODELA-NAGRADE-ZA-2024.-GODINU-4.jpg\" \/>\n\n\n\t<div class=\"ms-thumb\" ><div class=\"ms-tab-context\"><div class=\"&quot;ms-tab-context&quot;\"><\/div><\/div>\n<\/div>\n\t\t\t\t<\/div>\n\t\t\t\t<div  class=\"ms-slide\" data-delay=\"3\" data-fill-mode=\"fill\"  >\n\t\t\t\t\t<img decoding=\"async\" src=\"https:\/\/fondacijamilicanektarijevic.com\/wp-content\/plugins\/master-slider\/public\/assets\/css\/blank.gif\" alt=\"\" title=\"\" data-src=\"https:\/\/fondacijamilicanektarijevic.com\/wp-content\/uploads\/2024\/11\/SLIDER-2-DODELA-NAGRADE-ZA-2024.-GODINU-5.jpg\" \/>\n\n\n\t<div class=\"ms-thumb\" ><div class=\"ms-tab-context\"><div class=\"&quot;ms-tab-context&quot;\"><\/div><\/div>\n<\/div>\n\t\t\t\t<\/div>\n\t\t\t\t<div  class=\"ms-slide\" data-delay=\"3\" data-fill-mode=\"fill\"  >\n\t\t\t\t\t<img decoding=\"async\" src=\"https:\/\/fondacijamilicanektarijevic.com\/wp-content\/plugins\/master-slider\/public\/assets\/css\/blank.gif\" alt=\"\" title=\"\" data-src=\"https:\/\/fondacijamilicanektarijevic.com\/wp-content\/uploads\/2024\/11\/SLIDER-2-DODELA-NAGRADE-ZA-2024.-GODINU-6.jpg\" \/>\n\n\n\t<div class=\"ms-thumb\" ><div class=\"ms-tab-context\"><div class=\"&quot;ms-tab-context&quot;\"><\/div><\/div>\n<\/div>\n\t\t\t\t<\/div>\n\t\t\t\t<div  class=\"ms-slide\" data-delay=\"3\" data-fill-mode=\"fill\"  >\n\t\t\t\t\t<img decoding=\"async\" src=\"https:\/\/fondacijamilicanektarijevic.com\/wp-content\/plugins\/master-slider\/public\/assets\/css\/blank.gif\" alt=\"\" title=\"\" data-src=\"https:\/\/fondacijamilicanektarijevic.com\/wp-content\/uploads\/2024\/11\/SLIDER-2-DODELA-NAGRADE-ZA-2024.-GODINU-7.jpg\" \/>\n\n\n\t<div class=\"ms-thumb\" ><div class=\"ms-tab-context\"><div class=\"&quot;ms-tab-context&quot;\"><\/div><\/div>\n<\/div>\n\t\t\t\t<\/div>\n\t\t\t\t<div  class=\"ms-slide\" data-delay=\"3\" data-fill-mode=\"fill\"  >\n\t\t\t\t\t<img decoding=\"async\" src=\"https:\/\/fondacijamilicanektarijevic.com\/wp-content\/plugins\/master-slider\/public\/assets\/css\/blank.gif\" alt=\"\" title=\"\" data-src=\"https:\/\/fondacijamilicanektarijevic.com\/wp-content\/uploads\/2024\/11\/SLIDER-2-DODELA-NAGRADE-ZA-2024.-GODINU-9.jpg\" \/>\n\n\n\t<div class=\"ms-thumb\" ><div class=\"ms-tab-context\"><div class=\"&quot;ms-tab-context&quot;\"><\/div><\/div>\n<\/div>\n\t\t\t\t<\/div>\n\t\t\t\t<div  class=\"ms-slide\" data-delay=\"3\" data-fill-mode=\"fill\"  >\n\t\t\t\t\t<img decoding=\"async\" src=\"https:\/\/fondacijamilicanektarijevic.com\/wp-content\/plugins\/master-slider\/public\/assets\/css\/blank.gif\" alt=\"\" title=\"\" data-src=\"https:\/\/fondacijamilicanektarijevic.com\/wp-content\/uploads\/2024\/11\/SLIDER-2-DODELA-NAGRADE-ZA-2024.-GODINU-8.jpg\" \/>\n\n\n\t<div class=\"ms-thumb\" ><div class=\"ms-tab-context\"><div class=\"&quot;ms-tab-context&quot;\"><\/div><\/div>\n<\/div>\n\t\t\t\t<\/div>\n\t\t\t\t<div  class=\"ms-slide\" data-delay=\"3\" data-fill-mode=\"fill\"  >\n\t\t\t\t\t<img decoding=\"async\" src=\"https:\/\/fondacijamilicanektarijevic.com\/wp-content\/plugins\/master-slider\/public\/assets\/css\/blank.gif\" alt=\"\" title=\"\" data-src=\"https:\/\/fondacijamilicanektarijevic.com\/wp-content\/uploads\/2024\/11\/SLIDER-2-DODELA-NAGRADE-ZA-2024.-GODINU-10.jpg\" \/>\n\n\n\t<div class=\"ms-thumb\" ><div class=\"ms-tab-context\"><div class=\"&quot;ms-tab-context&quot;\"><\/div><\/div>\n<\/div>\n\t\t\t\t<\/div>\n\t\t\t\t<div  class=\"ms-slide\" data-delay=\"3\" data-fill-mode=\"fill\"  >\n\t\t\t\t\t<img decoding=\"async\" src=\"https:\/\/fondacijamilicanektarijevic.com\/wp-content\/plugins\/master-slider\/public\/assets\/css\/blank.gif\" alt=\"\" title=\"\" data-src=\"https:\/\/fondacijamilicanektarijevic.com\/wp-content\/uploads\/2024\/11\/SLIDER-2-DODELA-NAGRADE-ZA-2024.-GODINU-12.jpg\" \/>\n\n\n\t<div class=\"ms-thumb\" ><div class=\"ms-tab-context\"><div class=\"&quot;ms-tab-context&quot;\"><\/div><\/div>\n<\/div>\n\t\t\t\t<\/div>\n\t\t\t\t<div  class=\"ms-slide\" data-delay=\"3\" data-fill-mode=\"fill\"  >\n\t\t\t\t\t<img decoding=\"async\" src=\"https:\/\/fondacijamilicanektarijevic.com\/wp-content\/plugins\/master-slider\/public\/assets\/css\/blank.gif\" alt=\"\" title=\"\" data-src=\"https:\/\/fondacijamilicanektarijevic.com\/wp-content\/uploads\/2024\/11\/SLIDER-2-DODELA-NAGRADE-ZA-2024.-GODINU-11.jpg\" \/>\n\n\n\t<div class=\"ms-thumb\" ><div class=\"ms-tab-context\"><div class=\"&quot;ms-tab-context&quot;\"><\/div><\/div>\n<\/div>\n\t\t\t\t<\/div>\n\t\t\t\t<div  class=\"ms-slide\" data-delay=\"3\" data-fill-mode=\"fill\"  >\n\t\t\t\t\t<img decoding=\"async\" src=\"https:\/\/fondacijamilicanektarijevic.com\/wp-content\/plugins\/master-slider\/public\/assets\/css\/blank.gif\" alt=\"\" title=\"\" data-src=\"https:\/\/fondacijamilicanektarijevic.com\/wp-content\/uploads\/2024\/11\/SLIDER-2-DODELA-NAGRADE-ZA-2024.-GODINU-13.jpg\" \/>\n\n\n\t<div class=\"ms-thumb\" ><div class=\"ms-tab-context\"><div class=\"&quot;ms-tab-context&quot;\"><\/div><\/div>\n<\/div>\n\t\t\t\t<\/div>\n\t\t\t\t<div  class=\"ms-slide\" data-delay=\"3\" data-fill-mode=\"fill\"  >\n\t\t\t\t\t<img decoding=\"async\" src=\"https:\/\/fondacijamilicanektarijevic.com\/wp-content\/plugins\/master-slider\/public\/assets\/css\/blank.gif\" alt=\"\" title=\"\" data-src=\"https:\/\/fondacijamilicanektarijevic.com\/wp-content\/uploads\/2024\/11\/SLIDER-2-DODELA-NAGRADE-ZA-2024.-GODINU-14.jpg\" \/>\n\n\n\t<div class=\"ms-thumb\" ><div class=\"ms-tab-context\"><div class=\"&quot;ms-tab-context&quot;\"><\/div><\/div>\n<\/div>\n\t\t\t\t<\/div>\n\n\t\t\t<\/div>\n\t\t\t<!-- END MasterSlider Main -->\n\n\t\t\t \n\t\t<\/div>\n\t\t<!-- END MasterSlider -->\n\n\t\t<script>\n\t\t(function ( $ ) {\n\t\t\t\"use strict\";\n\n\t\t\t$(function () {\n\t\t\t\tvar masterslider_1a17 = new MasterSlider();\n\n\t\t\t\t\/\/ slider controls\n\t\t\t\tmasterslider_1a17.control('arrows'     ,{ autohide:false, overVideo:true  });\n\t\t\t\t\/\/ slider setup\n\t\t\t\tmasterslider_1a17.setup(\"MS69f480fde1a17\", {\n\t\t\t\t\t\twidth           : 800,\n\t\t\t\t\t\theight          : 480,\n\t\t\t\t\t\tminHeight       : 0,\n\t\t\t\t\t\tspace           : 0,\n\t\t\t\t\t\tstart           : 1,\n\t\t\t\t\t\tgrabCursor      : true,\n\t\t\t\t\t\tswipe           : true,\n\t\t\t\t\t\tmouse           : true,\n\t\t\t\t\t\tlayout          : \"boxed\",\n\t\t\t\t\t\twheel           : false,\n\t\t\t\t\t\tautoplay        : false,\n\t\t\t\t\t\tinstantStartLayers:false,\n\t\t\t\t\t\tloop            : false,\n\t\t\t\t\t\tshuffle         : false,\n\t\t\t\t\t\tpreload         : 0,\n\t\t\t\t\t\theightLimit     : true,\n\t\t\t\t\t\tautoHeight      : false,\n\t\t\t\t\t\tsmoothHeight    : true,\n\t\t\t\t\t\tendPause        : false,\n\t\t\t\t\t\toverPause       : true,\n\t\t\t\t\t\tfillMode        : \"fill\",\n\t\t\t\t\t\tcenterControls  : true,\n\t\t\t\t\t\tstartOnAppear   : false,\n\t\t\t\t\t\tlayersMode      : \"center\",\n\t\t\t\t\t\thideLayers      : false,\n\t\t\t\t\t\tfullscreenMargin: 0,\n\t\t\t\t\t\tspeed           : 20,\n\t\t\t\t\t\tdir             : \"h\",\n\t\t\t\t\t\tparallaxMode    : 'swipe',\n\t\t\t\t\t\tview            : \"basic\"\n\t\t\t\t});\n\n\t\t\t\t\n\t\t\t\twindow.masterslider_instances = window.masterslider_instances || [];\n\t\t\t\twindow.masterslider_instances.push( masterslider_1a17 );\n\t\t\t });\n\n\t\t})(jQuery);\n\t\t<\/script>\n\n\n\n\n\n<div class=\"wp-block-columns is-layout-flex wp-container-core-columns-is-layout-1ec2ec05 wp-block-columns-is-layout-flex\" style=\"margin-top:0;margin-bottom:0;padding-top:0;padding-right:0;padding-bottom:0;padding-left:0\">\n<div class=\"wp-block-column is-layout-flow wp-block-column-is-layout-flow\"><\/div>\n<\/div>\n\n\n\n<figure class=\"wp-block-image size-full is-resized\"><img loading=\"lazy\" decoding=\"async\" width=\"800\" height=\"480\" src=\"https:\/\/fondacijamilicanektarijevic.com\/wp-content\/uploads\/2024\/11\/MILICA-NEKTARIJEVIC-DODELA-NAGRADE-2024-NAGRADA.jpg\" alt=\"\" class=\"wp-image-568\" style=\"width:560px;height:auto\" srcset=\"https:\/\/fondacijamilicanektarijevic.com\/wp-content\/uploads\/2024\/11\/MILICA-NEKTARIJEVIC-DODELA-NAGRADE-2024-NAGRADA.jpg 800w, https:\/\/fondacijamilicanektarijevic.com\/wp-content\/uploads\/2024\/11\/MILICA-NEKTARIJEVIC-DODELA-NAGRADE-2024-NAGRADA-300x180.jpg 300w, https:\/\/fondacijamilicanektarijevic.com\/wp-content\/uploads\/2024\/11\/MILICA-NEKTARIJEVIC-DODELA-NAGRADE-2024-NAGRADA-18x12.jpg 18w\" sizes=\"auto, (max-width: 800px) 100vw, 800px\" \/><\/figure>\n\n\n\n<p class=\"has-text-align-right\"><strong><em>Award designed by Dragan Deli\u0107<\/em><\/strong><\/p>\n<\/div>\n<\/div>\n\n\n\n<div class=\"wp-block-columns is-layout-flex wp-container-core-columns-is-layout-28f84493 wp-block-columns-is-layout-flex\">\n<div class=\"wp-block-column is-layout-flow wp-block-column-is-layout-flow\">\n<figure class=\"wp-block-video\"><video height=\"480\" style=\"aspect-ratio: 800 \/ 480;\" width=\"800\" controls src=\"https:\/\/fondacijamilicanektarijevic.com\/wp-content\/uploads\/2024\/11\/Copy-of-MILICA-NEKTARIJEVIC-DODELA-NAGRADE-2024-SLIDER-2.mp4\"><\/video><\/figure>\n\n\n\n<p><em><strong>Awards ceremony<\/strong><\/em><\/p>\n<\/div>\n\n\n\n<div class=\"wp-block-column is-layout-flow wp-block-column-is-layout-flow\">\n<figure class=\"wp-block-video\"><video height=\"480\" style=\"aspect-ratio: 800 \/ 480;\" width=\"800\" controls src=\"https:\/\/fondacijamilicanektarijevic.com\/wp-content\/uploads\/2024\/11\/Copy-of-MILICA-NEKTARIJEVIC-DODELA-NAGRADE-2024-SLIDER-2-1.mp4\"><\/video><\/figure>\n\n\n\n<p><em><strong>Speakers<\/strong><\/em><\/p>\n<\/div>\n<\/div>\n\n\n\n<hr class=\"wp-block-separator has-alpha-channel-opacity is-style-wide\"\/>","protected":false},"excerpt":{"rendered":"<p>\u041e\u0431\u0430\u0432\u0435\u0448\u0442\u0435\u045a\u0435 \u0414\u043e\u0434\u0435\u043b\u0430 \u043d\u0430\u0433\u0440\u0430\u0434\u0435 \u201e\u041c\u0438\u043b\u0438\u0446\u0430 \u041d\u0435\u043a\u0442\u0430\u0440\u0438\u0458\u0435\u0432\u0438\u045b\u201c \u0437\u0430 2025. \u0433\u043e\u0434\u0438\u043d\u0443 28. 11. 2025. \u0424\u043e\u043d\u0434\u0430\u0446\u0438\u0458\u0430 \u201e\u041c\u0438\u043b\u0438\u0446\u0430 \u041d\u0435\u043a\u0442\u0430\u0440\u0438\u0458\u0435\u0432\u0438\u045b\u201c \u0458\u0435 28.11.2025. \u043d\u0430 \u0441\u0432\u0435\u0447\u0430\u043d\u043e\u0441\u0442\u0438 \u043f\u043e\u0432\u043e\u0434\u043e\u043c \u0414\u0430\u043d\u0430 \u0422\u0435\u0445\u043d\u043e\u043b\u043e\u0448\u043a\u043e-\u043c\u0435\u0442\u0430\u043b\u0443\u0440\u0448\u043a\u043e\u0433 \u0444\u0430\u043a\u0443\u043b\u0442\u0435\u0442\u0430 \u0434\u043e\u0434\u0435\u043b\u0438\u043b\u0430 \u043d\u0430\u0433\u0440\u0430\u0434\u0443 \u0437\u0430 \u043d\u0430\u0458\u0431\u043e\u0459\u0435\u0433 \u0434\u0438\u043f\u043b\u043e\u043c\u0438\u0440\u0430\u043d\u043e\u0433 \u0441\u0442\u0443\u0434\u0435\u043d\u0442\u0430 \u043e\u0441\u043d\u043e\u0432\u043d\u0438\u0445 \u0441\u0442\u0443\u0434\u0438\u0458\u0430 \u0441\u0442\u0443\u0434\u0438\u0458\u0441\u043a\u043e\u0433 \u043f\u0440\u043e\u0433\u0440\u0430\u043c\u0430 \u0411\u0438\u043e\u0445\u0435\u043c\u0438\u0458\u0441\u043a\u043e \u0438\u043d\u0436\u0435\u045a\u0435\u0440\u0441\u0442\u0432\u043e \u0438 \u0431\u0438\u043e\u0442\u0435\u0445\u043d\u043e\u043b\u043e\u0433\u0438\u0458\u0430. \u0414\u043e\u0431\u0438\u0442\u043d\u0438\u0446\u0430 \u043e\u0432\u043e\u0433\u043e\u0434\u0438\u0448\u045a\u0435 \u043d\u0430\u0433\u0440\u0430\u0434\u0435 \u0458\u0435 \u0410\u043d\u0430 \u041e\u0442\u0430\u0448\u0435\u0432\u0438\u045b, \u0441\u0442\u0443\u0434\u0435\u043d\u0442\u043a\u0438\u045a\u0430 \u043a\u043e\u0458\u0430 \u0458\u0435 \u0441\u0432\u043e\u0458\u0438\u043c \u0437\u043d\u0430\u045a\u0435\u043c, \u043f\u043e\u0441\u0432\u0435\u045b\u0435\u043d\u043e\u0448\u045b\u0443 \u0438 \u0440\u0435\u0437\u0443\u043b\u0442\u0430\u0442\u0438\u043c\u0430 \u043f\u043e\u043a\u0430\u0437\u0430\u043b\u0430 \u0432\u0440\u0435\u0434\u043d\u043e\u0441\u0442\u0438 \u043a\u043e\u0458\u0435 \u0444\u043e\u043d\u0434\u0430\u0446\u0438\u0458\u0430 \u0446\u0435\u043d\u0438, &hellip; <\/p>\n<p class=\"link-more\"><a href=\"https:\/\/fondacijamilicanektarijevic.com\/en\/rad-fondacije\/\" class=\"more-link\">Read more<span class=\"screen-reader-text\"> &#8222;\u0420\u0430\u0434 \u0444\u043e\u043d\u0434\u0430\u0446\u0438\u0458\u0435&#8220;<\/span><\/a><\/p>","protected":false},"author":1,"featured_media":184,"parent":0,"menu_order":0,"comment_status":"closed","ping_status":"closed","template":"","meta":{"footnotes":""},"class_list":["post-152","page","type-page","status-publish","has-post-thumbnail","hentry"],"_links":{"self":[{"href":"https:\/\/fondacijamilicanektarijevic.com\/en\/wp-json\/wp\/v2\/pages\/152","targetHints":{"allow":["GET"]}}],"collection":[{"href":"https:\/\/fondacijamilicanektarijevic.com\/en\/wp-json\/wp\/v2\/pages"}],"about":[{"href":"https:\/\/fondacijamilicanektarijevic.com\/en\/wp-json\/wp\/v2\/types\/page"}],"author":[{"embeddable":true,"href":"https:\/\/fondacijamilicanektarijevic.com\/en\/wp-json\/wp\/v2\/users\/1"}],"replies":[{"embeddable":true,"href":"https:\/\/fondacijamilicanektarijevic.com\/en\/wp-json\/wp\/v2\/comments?post=152"}],"version-history":[{"count":62,"href":"https:\/\/fondacijamilicanektarijevic.com\/en\/wp-json\/wp\/v2\/pages\/152\/revisions"}],"predecessor-version":[{"id":633,"href":"https:\/\/fondacijamilicanektarijevic.com\/en\/wp-json\/wp\/v2\/pages\/152\/revisions\/633"}],"wp:featuredmedia":[{"embeddable":true,"href":"https:\/\/fondacijamilicanektarijevic.com\/en\/wp-json\/wp\/v2\/media\/184"}],"wp:attachment":[{"href":"https:\/\/fondacijamilicanektarijevic.com\/en\/wp-json\/wp\/v2\/media?parent=152"}],"curies":[{"name":"wp","href":"https:\/\/api.w.org\/{rel}","templated":true}]}}